{"id":5690,"date":"2025-05-12T15:05:27","date_gmt":"2025-05-12T15:05:27","guid":{"rendered":"https:\/\/www.analoggwerz.com\/produit\/canon-prima-mini-ii\/"},"modified":"2025-10-31T21:55:11","modified_gmt":"2025-10-31T21:55:11","slug":"canon-prima-mini-ii","status":"publish","type":"product","link":"https:\/\/www.analoggwerz.com\/en\/product\/canon-prima-mini-ii\/","title":{"rendered":"Canon prima mini ii"},"content":{"rendered":"<p>N\u2019h\u00e9sitez pas \u00e0 vous abonner \u00e0 mon Instagram (@analog_gwerz) si vous aimez la photo et les appareils. Je pr\u00e9sente plein de mod\u00e8les et c\u2019est plus simple pour \u00e9changer.<\/p>\n<p>Canon Prima Mini II \u2013 Compact argentique autofocus \u2013 32 mm f\/3.5<\/p>\n<p>Le Canon Prima Mini II (aussi connu sous le nom Sure Shot Sleek) est un compact argentique tr\u00e8s appr\u00e9ci\u00e9 pour son design fin, sa simplicit\u00e9 d\u2019utilisation et sa tr\u00e8s bonne qualit\u00e9 d\u2019image. Il est \u00e9quip\u00e9 d\u2019un objectif 32 mm lumineux, d\u2019un flash int\u00e9gr\u00e9, d\u2019un retardateur et d\u2019un syst\u00e8me autofocus rapide.<\/p>\n<p>Objectif Canon 32 mm f\/3.5<\/p>\n<p>Mise au point automatique (AF)<\/p>\n<p>Flash automatique avec modes d\u00e9sactivables<\/p>\n<p>Retardateur<\/p>\n<p>Design ultra-compact et discret<\/p>\n<p>Fonctionnement \u00e0 piles CR123A (non fournies)<\/p>\n<p>\u00c9tat : bon \u00e9tat g\u00e9n\u00e9ral, traces d\u2019usage visibles et petite pi\u00e8ce plastique manquante sur la trappe de piles (voir photo), sans incidence sur le bon fonctionnement. L\u2019appareil a \u00e9t\u00e9 test\u00e9 : le moteur, le flash et les boutons r\u00e9pondent parfaitement.<\/p>\n<p>Accessoire inclus : dragonne Canon d\u2019origine.<\/p>\n<p>Photos contractuelles \u2013 ce que vous voyez est ce que vous recevrez.<\/p>\n<p>Tous mes appareils sont test\u00e9s et fonctionnels.<\/p>","protected":false},"excerpt":{"rendered":"<p>N\u2019h\u00e9sitez pas \u00e0 vous abonner \u00e0 mon Instagram (@analog_gwerz) si vous aimez la photo et les appareils. Je pr\u00e9sente plein de mod\u00e8les et c\u2019est plus simple pour \u00e9changer. Canon Prima Mini II \u2013 Compact argentique autofocus \u2013 32 mm f\/3.5 Le Canon Prima Mini II (aussi connu sous le nom Sure Shot Sleek) est un [&hellip;]<\/p>\n","protected":false},"featured_media":5689,"template":"","meta":[],"product_brand":[],"product_cat":[118,29,111],"product_tag":[],"class_list":{"0":"post-5690","1":"product","2":"type-product","3":"status-publish","4":"has-post-thumbnail","6":"product_cat-appareils-photo","7":"product_cat-argentiques-35mm","8":"product_cat-compacts-argentiques","9":"pa_marque-canon","11":"first","12":"outofstock","13":"purchasable","14":"product-type-simple"},"yoast_head":"<!-- This site is optimized with the Yoast SEO plugin v27.5 - https:\/\/yoast.com\/product\/yoast-seo-wordpress\/ -->\n<title>Canon prima mini ii est disponible sur la boutique !<\/title>\n<meta name=\"description\" content=\"Cliquez ici pour d\u00e9couvrir Canon prima mini ii sur la boutique.\" \/>\n<meta name=\"robots\" content=\"index, follow, max-snippet:-1, max-image-preview:large, max-video-preview:-1\" \/>\n<link rel=\"canonical\" href=\"https:\/\/www.analoggwerz.com\/en\/product\/canon-prima-mini-ii\/\" \/>\n<meta property=\"og:locale\" content=\"en_US\" \/>\n<meta property=\"og:type\" content=\"article\" \/>\n<meta property=\"og:title\" content=\"Canon prima mini ii est disponible sur la boutique !\" \/>\n<meta property=\"og:description\" content=\"Cliquez ici pour d\u00e9couvrir Canon prima mini ii sur la boutique.\" \/>\n<meta property=\"og:url\" content=\"https:\/\/www.analoggwerz.com\/en\/product\/canon-prima-mini-ii\/\" \/>\n<meta property=\"og:site_name\" content=\"Analog Gwerz\" \/>\n<meta property=\"article:modified_time\" content=\"2025-10-31T21:55:11+00:00\" \/>\n<meta property=\"og:image\" content=\"https:\/\/www.analoggwerz.com\/wp-content\/uploads\/2025\/05\/img_6986-scaled.jpeg\" \/>\n\t<meta property=\"og:image:width\" content=\"2560\" \/>\n\t<meta property=\"og:image:height\" content=\"1920\" \/>\n\t<meta property=\"og:image:type\" content=\"image\/jpeg\" \/>\n<meta name=\"twitter:card\" content=\"summary_large_image\" \/>\n<meta name=\"twitter:label1\" content=\"Est. reading time\" \/>\n\t<meta name=\"twitter:data1\" content=\"1 minute\" \/>\n<script type=\"application\/ld+json\" class=\"yoast-schema-graph\">{\"@context\":\"https:\\\/\\\/schema.org\",\"@graph\":[{\"@type\":\"WebPage\",\"@id\":\"https:\\\/\\\/www.analoggwerz.com\\\/produit\\\/canon-prima-mini-ii\\\/\",\"url\":\"https:\\\/\\\/www.analoggwerz.com\\\/produit\\\/canon-prima-mini-ii\\\/\",\"name\":\"Canon prima mini ii est disponible sur la boutique !\",\"isPartOf\":{\"@id\":\"https:\\\/\\\/www.analoggwerz.com\\\/#website\"},\"primaryImageOfPage\":{\"@id\":\"https:\\\/\\\/www.analoggwerz.com\\\/produit\\\/canon-prima-mini-ii\\\/#primaryimage\"},\"image\":{\"@id\":\"https:\\\/\\\/www.analoggwerz.com\\\/produit\\\/canon-prima-mini-ii\\\/#primaryimage\"},\"thumbnailUrl\":\"https:\\\/\\\/www.analoggwerz.com\\\/wp-content\\\/uploads\\\/2025\\\/05\\\/img_6986-scaled.jpeg\",\"datePublished\":\"2025-05-12T15:05:27+00:00\",\"dateModified\":\"2025-10-31T21:55:11+00:00\",\"description\":\"Cliquez ici pour d\u00e9couvrir Canon prima mini ii sur la boutique.\",\"breadcrumb\":{\"@id\":\"https:\\\/\\\/www.analoggwerz.com\\\/produit\\\/canon-prima-mini-ii\\\/#breadcrumb\"},\"inLanguage\":\"en-US\",\"potentialAction\":[{\"@type\":\"ReadAction\",\"target\":[\"https:\\\/\\\/www.analoggwerz.com\\\/produit\\\/canon-prima-mini-ii\\\/\"]}]},{\"@type\":\"ImageObject\",\"inLanguage\":\"en-US\",\"@id\":\"https:\\\/\\\/www.analoggwerz.com\\\/produit\\\/canon-prima-mini-ii\\\/#primaryimage\",\"url\":\"https:\\\/\\\/www.analoggwerz.com\\\/wp-content\\\/uploads\\\/2025\\\/05\\\/img_6986-scaled.jpeg\",\"contentUrl\":\"https:\\\/\\\/www.analoggwerz.com\\\/wp-content\\\/uploads\\\/2025\\\/05\\\/img_6986-scaled.jpeg\",\"width\":2560,\"height\":1920},{\"@type\":\"BreadcrumbList\",\"@id\":\"https:\\\/\\\/www.analoggwerz.com\\\/produit\\\/canon-prima-mini-ii\\\/#breadcrumb\",\"itemListElement\":[{\"@type\":\"ListItem\",\"position\":1,\"name\":\"Accueil\",\"item\":\"https:\\\/\\\/www.analoggwerz.com\\\/\"},{\"@type\":\"ListItem\",\"position\":2,\"name\":\"Boutique\",\"item\":\"https:\\\/\\\/www.analoggwerz.com\\\/shop\\\/\"},{\"@type\":\"ListItem\",\"position\":3,\"name\":\"Canon prima mini ii\"}]},{\"@type\":\"WebSite\",\"@id\":\"https:\\\/\\\/www.analoggwerz.com\\\/#website\",\"url\":\"https:\\\/\\\/www.analoggwerz.com\\\/\",\"name\":\"Analog Gwerz\",\"description\":\"Pas besoin de neuf pour capturer l&#039;instant !\",\"publisher\":{\"@id\":\"https:\\\/\\\/www.analoggwerz.com\\\/#organization\"},\"potentialAction\":[{\"@type\":\"SearchAction\",\"target\":{\"@type\":\"EntryPoint\",\"urlTemplate\":\"https:\\\/\\\/www.analoggwerz.com\\\/?s={search_term_string}\"},\"query-input\":{\"@type\":\"PropertyValueSpecification\",\"valueRequired\":true,\"valueName\":\"search_term_string\"}}],\"inLanguage\":\"en-US\"},{\"@type\":\"Organization\",\"@id\":\"https:\\\/\\\/www.analoggwerz.com\\\/#organization\",\"name\":\"Analog Gwerz\",\"url\":\"https:\\\/\\\/www.analoggwerz.com\\\/\",\"logo\":{\"@type\":\"ImageObject\",\"inLanguage\":\"en-US\",\"@id\":\"https:\\\/\\\/www.analoggwerz.com\\\/#\\\/schema\\\/logo\\\/image\\\/\",\"url\":\"https:\\\/\\\/www.analoggwerz.com\\\/wp-content\\\/uploads\\\/2025\\\/10\\\/000-LOGO-ANALOG-GWERZ-NOIR-1.png\",\"contentUrl\":\"https:\\\/\\\/www.analoggwerz.com\\\/wp-content\\\/uploads\\\/2025\\\/10\\\/000-LOGO-ANALOG-GWERZ-NOIR-1.png\",\"width\":800,\"height\":407,\"caption\":\"Analog Gwerz\"},\"image\":{\"@id\":\"https:\\\/\\\/www.analoggwerz.com\\\/#\\\/schema\\\/logo\\\/image\\\/\"},\"sameAs\":[\"https:\\\/\\\/www.instagram.com\\\/analog_gwerz\\\/\",\"https:\\\/\\\/www.tiktok.com\\\/@analog_gwerz\"]}]}<\/script>\n<!-- \/ Yoast SEO plugin. -->","yoast_head_json":{"title":"Canon prima mini ii est disponible sur la boutique !","description":"Cliquez ici pour d\u00e9couvrir Canon prima mini ii sur la boutique.","robots":{"index":"index","follow":"follow","max-snippet":"max-snippet:-1","max-image-preview":"max-image-preview:large","max-video-preview":"max-video-preview:-1"},"canonical":"https:\/\/www.analoggwerz.com\/en\/product\/canon-prima-mini-ii\/","og_locale":"en_US","og_type":"article","og_title":"Canon prima mini ii est disponible sur la boutique !","og_description":"Cliquez ici pour d\u00e9couvrir Canon prima mini ii sur la boutique.","og_url":"https:\/\/www.analoggwerz.com\/en\/product\/canon-prima-mini-ii\/","og_site_name":"Analog Gwerz","article_modified_time":"2025-10-31T21:55:11+00:00","og_image":[{"width":2560,"height":1920,"url":"https:\/\/www.analoggwerz.com\/wp-content\/uploads\/2025\/05\/img_6986-scaled.jpeg","type":"image\/jpeg"}],"twitter_card":"summary_large_image","twitter_misc":{"Est. reading time":"1 minute"},"schema":{"@context":"https:\/\/schema.org","@graph":[{"@type":"WebPage","@id":"https:\/\/www.analoggwerz.com\/produit\/canon-prima-mini-ii\/","url":"https:\/\/www.analoggwerz.com\/produit\/canon-prima-mini-ii\/","name":"Canon prima mini ii est disponible sur la boutique !","isPartOf":{"@id":"https:\/\/www.analoggwerz.com\/#website"},"primaryImageOfPage":{"@id":"https:\/\/www.analoggwerz.com\/produit\/canon-prima-mini-ii\/#primaryimage"},"image":{"@id":"https:\/\/www.analoggwerz.com\/produit\/canon-prima-mini-ii\/#primaryimage"},"thumbnailUrl":"https:\/\/www.analoggwerz.com\/wp-content\/uploads\/2025\/05\/img_6986-scaled.jpeg","datePublished":"2025-05-12T15:05:27+00:00","dateModified":"2025-10-31T21:55:11+00:00","description":"Cliquez ici pour d\u00e9couvrir Canon prima mini ii sur la boutique.","breadcrumb":{"@id":"https:\/\/www.analoggwerz.com\/produit\/canon-prima-mini-ii\/#breadcrumb"},"inLanguage":"en-US","potentialAction":[{"@type":"ReadAction","target":["https:\/\/www.analoggwerz.com\/produit\/canon-prima-mini-ii\/"]}]},{"@type":"ImageObject","inLanguage":"en-US","@id":"https:\/\/www.analoggwerz.com\/produit\/canon-prima-mini-ii\/#primaryimage","url":"https:\/\/www.analoggwerz.com\/wp-content\/uploads\/2025\/05\/img_6986-scaled.jpeg","contentUrl":"https:\/\/www.analoggwerz.com\/wp-content\/uploads\/2025\/05\/img_6986-scaled.jpeg","width":2560,"height":1920},{"@type":"BreadcrumbList","@id":"https:\/\/www.analoggwerz.com\/produit\/canon-prima-mini-ii\/#breadcrumb","itemListElement":[{"@type":"ListItem","position":1,"name":"Accueil","item":"https:\/\/www.analoggwerz.com\/"},{"@type":"ListItem","position":2,"name":"Boutique","item":"https:\/\/www.analoggwerz.com\/shop\/"},{"@type":"ListItem","position":3,"name":"Canon prima mini ii"}]},{"@type":"WebSite","@id":"https:\/\/www.analoggwerz.com\/#website","url":"https:\/\/www.analoggwerz.com\/","name":"Analog Gwerz","description":"Pas besoin de neuf pour capturer l&#039;instant !","publisher":{"@id":"https:\/\/www.analoggwerz.com\/#organization"},"potentialAction":[{"@type":"SearchAction","target":{"@type":"EntryPoint","urlTemplate":"https:\/\/www.analoggwerz.com\/?s={search_term_string}"},"query-input":{"@type":"PropertyValueSpecification","valueRequired":true,"valueName":"search_term_string"}}],"inLanguage":"en-US"},{"@type":"Organization","@id":"https:\/\/www.analoggwerz.com\/#organization","name":"Analog Gwerz","url":"https:\/\/www.analoggwerz.com\/","logo":{"@type":"ImageObject","inLanguage":"en-US","@id":"https:\/\/www.analoggwerz.com\/#\/schema\/logo\/image\/","url":"https:\/\/www.analoggwerz.com\/wp-content\/uploads\/2025\/10\/000-LOGO-ANALOG-GWERZ-NOIR-1.png","contentUrl":"https:\/\/www.analoggwerz.com\/wp-content\/uploads\/2025\/10\/000-LOGO-ANALOG-GWERZ-NOIR-1.png","width":800,"height":407,"caption":"Analog Gwerz"},"image":{"@id":"https:\/\/www.analoggwerz.com\/#\/schema\/logo\/image\/"},"sameAs":["https:\/\/www.instagram.com\/analog_gwerz\/","https:\/\/www.tiktok.com\/@analog_gwerz"]}]}},"jetpack_sharing_enabled":true,"_links":{"self":[{"href":"https:\/\/www.analoggwerz.com\/en\/wp-json\/wp\/v2\/product\/5690","targetHints":{"allow":["GET"]}}],"collection":[{"href":"https:\/\/www.analoggwerz.com\/en\/wp-json\/wp\/v2\/product"}],"about":[{"href":"https:\/\/www.analoggwerz.com\/en\/wp-json\/wp\/v2\/types\/product"}],"wp:featuredmedia":[{"embeddable":true,"href":"https:\/\/www.analoggwerz.com\/en\/wp-json\/wp\/v2\/media\/5689"}],"wp:attachment":[{"href":"https:\/\/www.analoggwerz.com\/en\/wp-json\/wp\/v2\/media?parent=5690"}],"wp:term":[{"taxonomy":"product_brand","embeddable":true,"href":"https:\/\/www.analoggwerz.com\/en\/wp-json\/wp\/v2\/product_brand?post=5690"},{"taxonomy":"product_cat","embeddable":true,"href":"https:\/\/www.analoggwerz.com\/en\/wp-json\/wp\/v2\/product_cat?post=5690"},{"taxonomy":"product_tag","embeddable":true,"href":"https:\/\/www.analoggwerz.com\/en\/wp-json\/wp\/v2\/product_tag?post=5690"}],"curies":[{"name":"wp","href":"https:\/\/api.w.org\/{rel}","templated":true}]}}